{"id":8501,"date":"2022-05-04T10:00:40","date_gmt":"2022-05-04T14:00:40","guid":{"rendered":"https:\/\/jlegal.pt\/teste\/?post_type=jtalks&#038;p=8501"},"modified":"2022-09-19T08:07:14","modified_gmt":"2022-09-19T12:07:14","slug":"jlegal-recebe-dr-daniel-proenca-de-carvalho-na-5-a-edicao-das-jtalks","status":"publish","type":"jtalks","link":"https:\/\/jlegal.pt\/en\/jtalks\/jlegal-recebe-dr-daniel-proenca-de-carvalho-na-5-a-edicao-das-jtalks\/","title":{"rendered":"J+Legal recebe Daniel Proen\u00e7a de Carvalho na 5.\u00aa Edi\u00e7\u00e3o das\u00a0J+Talks"},"content":{"rendered":"<p>Poucas semanas depois do lan\u00e7amento da sua obra \u201cJusti\u00e7a, Pol\u00edtica e Comunica\u00e7\u00e3o Social \u2013 Mem\u00f3rias do Advogado\u201d, o\u00a0<strong>Dr. Daniel Proen\u00e7a de Carvalho<\/strong> visitou-nos ontem, como convidado da quinta sess\u00e3o das\u00a0<strong>J+Talks<\/strong>.<\/p>\r\n\r\n\r\n\r\n<p>Foram, de novo, duas horas maravilhosas em que, tal como faz no seu livro de mem\u00f3rias, nos foi tra\u00e7ado um retrato not\u00e1vel da justi\u00e7a portuguesa desde os anos 60 at\u00e9 aos dias que vivemos. Passado o m\u00eas de abril, e entrados no maio maduro maio (quem te pintou, quem te quebrou o encanto, nunca te amou), n\u00e3o poder\u00edamos ter proposto outro tema que n\u00e3o o da \u201cJusti\u00e7a nos tempos da revolu\u00e7\u00e3o\u201d. E a verdade \u00e9 que, a partir desse tema foi-nos propiciado um deslumbrante passeio pela nossa hist\u00f3ria recente, sempre com not\u00e1veis apontamentos de epis\u00f3dios vividos na primeira pessoa.<\/p>\r\n\r\n\r\n\r\n<p>Ao\u00a0<strong>Dr. Proen\u00e7a de Carvalho<\/strong>\u00a0agradecemos profundamente o privil\u00e9gio das duas horas que nos dedicou, sabendo que tem aqui uma casa cheia de gente que muito o admira.<\/p>","protected":false},"featured_media":8502,"parent":0,"menu_order":0,"template":"","categories":[],"class_list":["post-8501","jtalks","type-jtalks","status-publish","has-post-thumbnail","hentry"],"aioseo_notices":[],"acf":[],"_links":{"self":[{"href":"https:\/\/jlegal.pt\/en\/wp-json\/wp\/v2\/jtalks\/8501","targetHints":{"allow":["GET"]}}],"collection":[{"href":"https:\/\/jlegal.pt\/en\/wp-json\/wp\/v2\/jtalks"}],"about":[{"href":"https:\/\/jlegal.pt\/en\/wp-json\/wp\/v2\/types\/jtalks"}],"wp:featuredmedia":[{"embeddable":true,"href":"https:\/\/jlegal.pt\/en\/wp-json\/wp\/v2\/media\/8502"}],"wp:attachment":[{"href":"https:\/\/jlegal.pt\/en\/wp-json\/wp\/v2\/media?parent=8501"}],"wp:term":[{"taxonomy":"category","embeddable":true,"href":"https:\/\/jlegal.pt\/en\/wp-json\/wp\/v2\/categories?post=8501"}],"curies":[{"name":"wp","href":"https:\/\/api.w.org\/{rel}","templated":true}]}}