{"id":8503,"date":"2022-03-31T10:00:06","date_gmt":"2022-03-31T14:00:06","guid":{"rendered":"https:\/\/jlegal.pt\/teste\/?post_type=jtalks&#038;p=8503"},"modified":"2022-09-19T08:06:43","modified_gmt":"2022-09-19T12:06:43","slug":"jlegal-recebe-paulo-sande-para-a-4-a-edicao-das-jtalks","status":"publish","type":"jtalks","link":"https:\/\/jlegal.pt\/en\/jtalks\/jlegal-recebe-paulo-sande-para-a-4-a-edicao-das-jtalks\/","title":{"rendered":"J+Legal Recebe Paulo Sande para a 4.\u00aa Edi\u00e7\u00e3o das\u00a0J+Talks"},"content":{"rendered":"<p>Infelizmente, nem as\u00a0<strong>J+Talks<\/strong>\u00a0podem passar ao lado do drama que, desde h\u00e1 um m\u00eas, se vive na Ucr\u00e2nia. Foi por isso que ontem, na quarta edi\u00e7\u00e3o das nossas\u00a0<strong>J+Talks<\/strong>, cont\u00e1mos com a presen\u00e7a do\u00a0<strong>Dr. Paulo Almeida Sande<\/strong>\u00a0para nos falar da sua vis\u00e3o da Europa e da R\u00fassia.<\/p>\r\n\r\n\r\n\r\n<p>O\u00a0<strong>Paulo<\/strong>\u00a0\u00e9, antes de mais, um querido amigo, com quem trabalhamos desde o in\u00edcio deste projeto. E n\u00f3s, todos n\u00f3s, temos especial gosto quando somos visitados por queridos amigos. Mas \u00e9 tamb\u00e9m, como vamos assistindo nos seus coment\u00e1rios televisivos, um dos maiores conhecedores de temas europeus, sendo autor de vasta obra e Professor na\u00a0Universidade Cat\u00f3lica. E \u00e9, sobretudo, um atento e informado observador, com uma not\u00e1vel capacidade de relacionar informa\u00e7\u00e3o.<\/p>\r\n\r\n\r\n\r\n<p>Foram, de novo, duas horas que passaram a correr e que nos permitiram aprender um pouco mais sobre o contexto geoestrat\u00e9gico e pol\u00edtico do momento que estamos a viver. Muito obrigado ao\u00a0<strong>Paulo<\/strong>\u00a0pelo tempo que nos ofereceu.<\/p>","protected":false},"featured_media":8504,"parent":0,"menu_order":0,"template":"","categories":[],"class_list":["post-8503","jtalks","type-jtalks","status-publish","has-post-thumbnail","hentry"],"aioseo_notices":[],"acf":[],"_links":{"self":[{"href":"https:\/\/jlegal.pt\/en\/wp-json\/wp\/v2\/jtalks\/8503","targetHints":{"allow":["GET"]}}],"collection":[{"href":"https:\/\/jlegal.pt\/en\/wp-json\/wp\/v2\/jtalks"}],"about":[{"href":"https:\/\/jlegal.pt\/en\/wp-json\/wp\/v2\/types\/jtalks"}],"wp:featuredmedia":[{"embeddable":true,"href":"https:\/\/jlegal.pt\/en\/wp-json\/wp\/v2\/media\/8504"}],"wp:attachment":[{"href":"https:\/\/jlegal.pt\/en\/wp-json\/wp\/v2\/media?parent=8503"}],"wp:term":[{"taxonomy":"category","embeddable":true,"href":"https:\/\/jlegal.pt\/en\/wp-json\/wp\/v2\/categories?post=8503"}],"curies":[{"name":"wp","href":"https:\/\/api.w.org\/{rel}","templated":true}]}}